{"id":91,"date":"2019-03-24T21:10:57","date_gmt":"2019-03-24T21:10:57","guid":{"rendered":"http:\/\/landeselternverband.de\/?page_id=91"},"modified":"2019-03-26T22:15:54","modified_gmt":"2019-03-26T21:15:54","slug":"bedeutung-unseres-logos","status":"publish","type":"page","link":"https:\/\/landeselternverband.de\/?page_id=91","title":{"rendered":"Bedeutung unseres Logos"},"content":{"rendered":"\n<div class=\"wp-block-media-text alignwide\" style=\"grid-template-columns:25% auto\"><figure class=\"wp-block-media-text__media\"><img data-recalc-dims=\"1\" loading=\"lazy\" decoding=\"async\" width=\"800\" height=\"800\" data-attachment-id=\"32\" data-permalink=\"https:\/\/landeselternverband.de\/?attachment_id=32\" data-orig-file=\"https:\/\/i0.wp.com\/landeselternverband.de\/wp-content\/uploads\/2019\/03\/PHOTO-2019-01-13-16-01-00-2.jpg?fit=1599%2C1600&amp;ssl=1\" data-orig-size=\"1599,1600\" data-comments-opened=\"1\" data-image-meta=\"{&quot;aperture&quot;:&quot;0&quot;,&quot;credit&quot;:&quot;&quot;,&quot;camera&quot;:&quot;&quot;,&quot;caption&quot;:&quot;&quot;,&quot;created_timestamp&quot;:&quot;0&quot;,&quot;copyright&quot;:&quot;&quot;,&quot;focal_length&quot;:&quot;0&quot;,&quot;iso&quot;:&quot;0&quot;,&quot;shutter_speed&quot;:&quot;0&quot;,&quot;title&quot;:&quot;&quot;,&quot;orientation&quot;:&quot;0&quot;}\" data-image-title=\"PHOTO-2019-01-13-16-01-00\" data-image-description=\"\" data-image-caption=\"\" data-medium-file=\"https:\/\/i0.wp.com\/landeselternverband.de\/wp-content\/uploads\/2019\/03\/PHOTO-2019-01-13-16-01-00-2.jpg?fit=300%2C300&amp;ssl=1\" data-large-file=\"https:\/\/i0.wp.com\/landeselternverband.de\/wp-content\/uploads\/2019\/03\/PHOTO-2019-01-13-16-01-00-2.jpg?fit=800%2C800&amp;ssl=1\" src=\"https:\/\/i0.wp.com\/landeselternverband.de\/wp-content\/uploads\/2019\/03\/PHOTO-2019-01-13-16-01-00-2.jpg?resize=800%2C800&#038;ssl=1\" alt=\"\" class=\"wp-image-32\" srcset=\"https:\/\/i0.wp.com\/landeselternverband.de\/wp-content\/uploads\/2019\/03\/PHOTO-2019-01-13-16-01-00-2.jpg?resize=1024%2C1024&amp;ssl=1 1024w, https:\/\/i0.wp.com\/landeselternverband.de\/wp-content\/uploads\/2019\/03\/PHOTO-2019-01-13-16-01-00-2.jpg?resize=150%2C150&amp;ssl=1 150w, https:\/\/i0.wp.com\/landeselternverband.de\/wp-content\/uploads\/2019\/03\/PHOTO-2019-01-13-16-01-00-2.jpg?resize=300%2C300&amp;ssl=1 300w, https:\/\/i0.wp.com\/landeselternverband.de\/wp-content\/uploads\/2019\/03\/PHOTO-2019-01-13-16-01-00-2.jpg?resize=768%2C768&amp;ssl=1 768w, https:\/\/i0.wp.com\/landeselternverband.de\/wp-content\/uploads\/2019\/03\/PHOTO-2019-01-13-16-01-00-2.jpg?w=1599&amp;ssl=1 1599w\" sizes=\"auto, (max-width: 800px) 100vw, 800px\" \/><\/figure><div class=\"wp-block-media-text__content\">\n<p>Unser Logo setzt sich aus drei Bestandteilen zusammen.<br>aus der Farbe T\u00fcrkis,<br>aus dem Rand in Form einer Hand und<br>aus einer Familie in einer Sprechblase <\/p>\n<\/div><\/div>\n\n\n\n<p>Die Farbe T\u00fcrkis hat sich seit 2001 in der Geh\u00f6rlosengemeinschaft als symbolische Farbe der Sprachgemeinschaft durchgesetzt. Angefangen hat es damit in \u00d6sterreich. Seit 2010 gibt es in Deutschland immer wieder &#8222;T\u00fcrkisparaden&#8220;, mit der Geh\u00f6rlose feiern und auf sich aufmerksam machen m\u00f6chten. T\u00fcrkis steht symbolisch f\u00fcr Kommunikation, Kreativit\u00e4t, Selbstbewusstsein, Ehrlichkeit und Fr\u00f6hlichkeit. Mehr dazu findet ihr unter dem folgenden Link: http:\/\/www.vibelle.de\/fuer-hoerende\/4691-die-farbe-tuerkis<\/p>\n\n\n\n<div class=\"wp-block-media-text alignwide\" style=\"grid-template-columns:15% auto\"><figure class=\"wp-block-media-text__media\"><img data-recalc-dims=\"1\" loading=\"lazy\" decoding=\"async\" width=\"768\" height=\"1024\" data-attachment-id=\"113\" data-permalink=\"https:\/\/landeselternverband.de\/?attachment_id=113\" data-orig-file=\"https:\/\/i0.wp.com\/landeselternverband.de\/wp-content\/uploads\/2019\/03\/IMG_8277-1-e1552851145482-1.jpg?fit=3024%2C4032&amp;ssl=1\" data-orig-size=\"3024,4032\" data-comments-opened=\"0\" data-image-meta=\"{&quot;aperture&quot;:&quot;0&quot;,&quot;credit&quot;:&quot;&quot;,&quot;camera&quot;:&quot;&quot;,&quot;caption&quot;:&quot;&quot;,&quot;created_timestamp&quot;:&quot;0&quot;,&quot;copyright&quot;:&quot;&quot;,&quot;focal_length&quot;:&quot;0&quot;,&quot;iso&quot;:&quot;0&quot;,&quot;shutter_speed&quot;:&quot;0&quot;,&quot;title&quot;:&quot;&quot;,&quot;orientation&quot;:&quot;0&quot;}\" data-image-title=\"IMG_8277-1-e1552851145482\" data-image-description=\"\" data-image-caption=\"\" data-medium-file=\"https:\/\/i0.wp.com\/landeselternverband.de\/wp-content\/uploads\/2019\/03\/IMG_8277-1-e1552851145482-1.jpg?fit=225%2C300&amp;ssl=1\" data-large-file=\"https:\/\/i0.wp.com\/landeselternverband.de\/wp-content\/uploads\/2019\/03\/IMG_8277-1-e1552851145482-1.jpg?fit=768%2C1024&amp;ssl=1\" src=\"https:\/\/i0.wp.com\/landeselternverband.de\/wp-content\/uploads\/2019\/03\/IMG_8277-1-e1552851145482-1.jpg?resize=768%2C1024&#038;ssl=1\" alt=\"\" class=\"wp-image-113\" srcset=\"https:\/\/i0.wp.com\/landeselternverband.de\/wp-content\/uploads\/2019\/03\/IMG_8277-1-e1552851145482-1.jpg?resize=768%2C1024&amp;ssl=1 768w, https:\/\/i0.wp.com\/landeselternverband.de\/wp-content\/uploads\/2019\/03\/IMG_8277-1-e1552851145482-1.jpg?resize=225%2C300&amp;ssl=1 225w, https:\/\/i0.wp.com\/landeselternverband.de\/wp-content\/uploads\/2019\/03\/IMG_8277-1-e1552851145482-1.jpg?w=1600&amp;ssl=1 1600w, https:\/\/i0.wp.com\/landeselternverband.de\/wp-content\/uploads\/2019\/03\/IMG_8277-1-e1552851145482-1.jpg?w=2400&amp;ssl=1 2400w\" sizes=\"auto, (max-width: 768px) 100vw, 768px\" \/><\/figure><div class=\"wp-block-media-text__content\">\n<p>Der  Rand in Form einer Hand, die Daumen, Zeigefinger und den kleinen Finger in die H\u00f6he streckt, steht f\u00fcr ILY (I love you: I wird im Fingeralphabet mit dem kleinen Finger nach oben gezeigt, L mit ausgestrecktem Daumen und Zeigefinger und Y mit ausgestrecktem Daumen und kleinem Finger.) Somit ist dieses Zeichen eine Verschmelzung aus den drei Buchstaben. ILY steht aber haupts\u00e4chlich f\u00fcr den Zusammenhalt in der Geh\u00f6rlosengemeinschaft. Damit zeigt man sich, dass man zusammen geh\u00f6rt und sich respektiert. <\/p>\n<\/div><\/div>\n\n\n\n<p>Die Familie mit Sprechblase: Wir als Vorstand vom Landeselternverband f\u00fchlen uns jeder Familie verbunden, die mit H\u00f6rsch\u00e4digung oder Geh\u00f6rlosigkeit zu tun hat. Wir m\u00f6chten alle Familie vertreten, egal ob ihr vier, mehr oder weniger Mitglieder habt und egal in welcher Konstellation ihr euch als Familie f\u00fchlt. Und wir m\u00f6chten f\u00fcr euch als Familie in Erscheinung treten sowie aktiv werden. Symbolisch daf\u00fcr stehen also vier Familienmitglieder und die Sprechblase, die zusammen die ILY-Hand formen.<br><\/p>\n","protected":false},"excerpt":{"rendered":"<p>Unser Logo setzt sich aus drei Bestandteilen zusammen.aus der Farbe T\u00fcrkis,aus dem Rand in Form einer Hand undaus einer Familie in einer Sprechblase Die Farbe&hellip;<\/p>\n<p> <a class=\"more-link\" href=\"https:\/\/landeselternverband.de\/?page_id=91\">Weiterlesen<\/a><\/p>\n","protected":false},"author":1,"featured_media":115,"parent":88,"menu_order":0,"comment_status":"closed","ping_status":"closed","template":"","meta":{"jetpack_post_was_ever_published":false,"footnotes":""},"class_list":["post-91","page","type-page","status-publish","has-post-thumbnail"],"jetpack_sharing_enabled":true,"jetpack_shortlink":"https:\/\/wp.me\/PaPRwJ-1t","jetpack-related-posts":[{"id":702,"url":"https:\/\/landeselternverband.de\/?page_id=702","url_meta":{"origin":91,"position":0},"title":"Allen Besuchern unserer Seite:","author":"AdminLEV","date":"13. Dezember 2020","format":false,"excerpt":"","rel":"","context":"\u00c4hnlicher Beitrag","block_context":{"text":"\u00c4hnlicher Beitrag","link":""},"img":{"alt_text":"christmas board decors","src":"https:\/\/i0.wp.com\/landeselternverband.de\/wp-content\/uploads\/2020\/12\/pexels-photo-1303098.jpeg?fit=1200%2C799&ssl=1&resize=350%2C200","width":350,"height":200,"srcset":"https:\/\/i0.wp.com\/landeselternverband.de\/wp-content\/uploads\/2020\/12\/pexels-photo-1303098.jpeg?fit=1200%2C799&ssl=1&resize=350%2C200 1x, https:\/\/i0.wp.com\/landeselternverband.de\/wp-content\/uploads\/2020\/12\/pexels-photo-1303098.jpeg?fit=1200%2C799&ssl=1&resize=525%2C300 1.5x, https:\/\/i0.wp.com\/landeselternverband.de\/wp-content\/uploads\/2020\/12\/pexels-photo-1303098.jpeg?fit=1200%2C799&ssl=1&resize=700%2C400 2x, https:\/\/i0.wp.com\/landeselternverband.de\/wp-content\/uploads\/2020\/12\/pexels-photo-1303098.jpeg?fit=1200%2C799&ssl=1&resize=1050%2C600 3x"},"classes":[]},{"id":107,"url":"https:\/\/landeselternverband.de\/?page_id=107","url_meta":{"origin":91,"position":1},"title":"Impressum","author":"AdminLEV","date":"24. M\u00e4rz 2019","format":false,"excerpt":"Landeselternverband geh\u00f6rloser und schwerh\u00f6riger Kinder und Jugendlicher NRW e. V.Sunderplatz 745472 M\u00fclheim\/Ruhr E-Mail: info@landeselternverband.de Vertreten durch: Gesch\u00e4ftsf\u00fchrender Vorstand:1. Vorsitzender: Martin Magiera2. Vorsitzende: Liane BoyGesch\u00e4ftsf\u00fchrerin: Kira Kn\u00fchmann-StengelSchriftf\u00fchrerin: Susann Harnisch Registereintrag: Eingetragen im Vereinsregister.Registergericht: Amtsgericht EssenRegisternummer: VR 2280 Verantwortlich f\u00fcr den Inhalt (gem. \u00a7 55 Abs. 2 RStV): Susann HarnischBleek 447877 Willich\u2026","rel":"","context":"\u00c4hnlicher Beitrag","block_context":{"text":"\u00c4hnlicher Beitrag","link":""},"img":{"alt_text":"","src":"https:\/\/i0.wp.com\/landeselternverband.de\/wp-content\/uploads\/2019\/03\/trent-erwin-338084-unsplash-e1552769760838-1.jpg?fit=1200%2C311&ssl=1&resize=350%2C200","width":350,"height":200,"srcset":"https:\/\/i0.wp.com\/landeselternverband.de\/wp-content\/uploads\/2019\/03\/trent-erwin-338084-unsplash-e1552769760838-1.jpg?fit=1200%2C311&ssl=1&resize=350%2C200 1x, https:\/\/i0.wp.com\/landeselternverband.de\/wp-content\/uploads\/2019\/03\/trent-erwin-338084-unsplash-e1552769760838-1.jpg?fit=1200%2C311&ssl=1&resize=525%2C300 1.5x, https:\/\/i0.wp.com\/landeselternverband.de\/wp-content\/uploads\/2019\/03\/trent-erwin-338084-unsplash-e1552769760838-1.jpg?fit=1200%2C311&ssl=1&resize=700%2C400 2x, https:\/\/i0.wp.com\/landeselternverband.de\/wp-content\/uploads\/2019\/03\/trent-erwin-338084-unsplash-e1552769760838-1.jpg?fit=1200%2C311&ssl=1&resize=1050%2C600 3x"},"classes":[]},{"id":80,"url":"https:\/\/landeselternverband.de\/?page_id=80","url_meta":{"origin":91,"position":2},"title":"Unsere Satzung","author":"AdminLEV","date":"24. M\u00e4rz 2019","format":false,"excerpt":"Wie jeder Verein haben wir eine Satzung. Ganz unten auf dieser Seite gibt es diese Version auch als PDF-Datei zum Herunterladen. (Fassung vom 18.11.2017) Pr\u00e4ambel Im Landeselternverband schlie\u00dfen sich Eltern geh\u00f6rloser und schwerh\u00f6riger Kinder und Jugendlicher sowie F\u00f6rderer zusammen, um gemeinsam die Belange der geh\u00f6rlosen und schwerh\u00f6rigen Kinder und Jugendlichen\u2026","rel":"","context":"\u00c4hnlicher Beitrag","block_context":{"text":"\u00c4hnlicher Beitrag","link":""},"img":{"alt_text":"","src":"https:\/\/i0.wp.com\/landeselternverband.de\/wp-content\/uploads\/2019\/03\/IMG_5168.jpg?fit=1200%2C900&ssl=1&resize=350%2C200","width":350,"height":200,"srcset":"https:\/\/i0.wp.com\/landeselternverband.de\/wp-content\/uploads\/2019\/03\/IMG_5168.jpg?fit=1200%2C900&ssl=1&resize=350%2C200 1x, https:\/\/i0.wp.com\/landeselternverband.de\/wp-content\/uploads\/2019\/03\/IMG_5168.jpg?fit=1200%2C900&ssl=1&resize=525%2C300 1.5x, https:\/\/i0.wp.com\/landeselternverband.de\/wp-content\/uploads\/2019\/03\/IMG_5168.jpg?fit=1200%2C900&ssl=1&resize=700%2C400 2x, https:\/\/i0.wp.com\/landeselternverband.de\/wp-content\/uploads\/2019\/03\/IMG_5168.jpg?fit=1200%2C900&ssl=1&resize=1050%2C600 3x"},"classes":[]},{"id":93,"url":"https:\/\/landeselternverband.de\/?page_id=93","url_meta":{"origin":91,"position":3},"title":"Vorstellung Vorstand","author":"AdminLEV","date":"24. M\u00e4rz 2019","format":false,"excerpt":"Der aktuelle Vorstand wurde in der letzten Mitgliederversammlung am 15. September 2018 gew\u00e4hlt.Dies sind seine Vertreter: GESCH\u00c4FTSF\u00dcHRENDER VORSTAND: 1. Vorsitzender: Martin Magiera ist taub. Er ist Vater von drei geh\u00f6rlosen Kindern und lebt mit seiner Familie in Bochum. Er arbeitet als Lehrkraft an der Schule am Leithenhaus, LWL-F\u00f6rderschule f\u00fcr H\u00f6rbehinderten\u2026","rel":"","context":"\u00c4hnlicher Beitrag","block_context":{"text":"\u00c4hnlicher Beitrag","link":""},"img":{"alt_text":"","src":"https:\/\/i0.wp.com\/landeselternverband.de\/wp-content\/uploads\/2022\/02\/Vorstand.jpg?fit=910%2C330&ssl=1&resize=350%2C200","width":350,"height":200,"srcset":"https:\/\/i0.wp.com\/landeselternverband.de\/wp-content\/uploads\/2022\/02\/Vorstand.jpg?fit=910%2C330&ssl=1&resize=350%2C200 1x, https:\/\/i0.wp.com\/landeselternverband.de\/wp-content\/uploads\/2022\/02\/Vorstand.jpg?fit=910%2C330&ssl=1&resize=525%2C300 1.5x, https:\/\/i0.wp.com\/landeselternverband.de\/wp-content\/uploads\/2022\/02\/Vorstand.jpg?fit=910%2C330&ssl=1&resize=700%2C400 2x"},"classes":[]},{"id":857,"url":"https:\/\/landeselternverband.de\/?page_id=857","url_meta":{"origin":91,"position":4},"title":"Offener Brief","author":"AdminLEV","date":"17. Februar 2022","format":false,"excerpt":"M\u00fclheim, 21.02.2022 17 Jahre Stillstand Viele h\u00f6rbehinderte Kinder besuchen die F\u00f6rderschulen f\u00fcr H\u00f6ren und Kommunikation in Nordrhein-Westfalen. Die h\u00f6renden und geh\u00f6rlosen Eltern dieser Kinder haben sich bewusst f\u00fcr diese Schulform entschieden, um f\u00fcr ihre Kinder die bestm\u00f6gliche F\u00f6rderung und Bildung zu erzielen. Die deutsche Geb\u00e4rdensprache (DGS) ist ein elementarer Bestandteil\u2026","rel":"","context":"\u00c4hnlicher Beitrag","block_context":{"text":"\u00c4hnlicher Beitrag","link":""},"img":{"alt_text":"","src":"https:\/\/i0.wp.com\/landeselternverband.de\/wp-content\/uploads\/2019\/03\/roman-kraft-260082-unsplash-e1552825200865-1.jpg?fit=1200%2C251&ssl=1&resize=350%2C200","width":350,"height":200,"srcset":"https:\/\/i0.wp.com\/landeselternverband.de\/wp-content\/uploads\/2019\/03\/roman-kraft-260082-unsplash-e1552825200865-1.jpg?fit=1200%2C251&ssl=1&resize=350%2C200 1x, https:\/\/i0.wp.com\/landeselternverband.de\/wp-content\/uploads\/2019\/03\/roman-kraft-260082-unsplash-e1552825200865-1.jpg?fit=1200%2C251&ssl=1&resize=525%2C300 1.5x, https:\/\/i0.wp.com\/landeselternverband.de\/wp-content\/uploads\/2019\/03\/roman-kraft-260082-unsplash-e1552825200865-1.jpg?fit=1200%2C251&ssl=1&resize=700%2C400 2x, https:\/\/i0.wp.com\/landeselternverband.de\/wp-content\/uploads\/2019\/03\/roman-kraft-260082-unsplash-e1552825200865-1.jpg?fit=1200%2C251&ssl=1&resize=1050%2C600 3x"},"classes":[]}],"_links":{"self":[{"href":"https:\/\/landeselternverband.de\/index.php?rest_route=\/wp\/v2\/pages\/91","targetHints":{"allow":["GET"]}}],"collection":[{"href":"https:\/\/landeselternverband.de\/index.php?rest_route=\/wp\/v2\/pages"}],"about":[{"href":"https:\/\/landeselternverband.de\/index.php?rest_route=\/wp\/v2\/types\/page"}],"author":[{"embeddable":true,"href":"https:\/\/landeselternverband.de\/index.php?rest_route=\/wp\/v2\/users\/1"}],"replies":[{"embeddable":true,"href":"https:\/\/landeselternverband.de\/index.php?rest_route=%2Fwp%2Fv2%2Fcomments&post=91"}],"version-history":[{"count":5,"href":"https:\/\/landeselternverband.de\/index.php?rest_route=\/wp\/v2\/pages\/91\/revisions"}],"predecessor-version":[{"id":224,"href":"https:\/\/landeselternverband.de\/index.php?rest_route=\/wp\/v2\/pages\/91\/revisions\/224"}],"up":[{"embeddable":true,"href":"https:\/\/landeselternverband.de\/index.php?rest_route=\/wp\/v2\/pages\/88"}],"wp:featuredmedia":[{"embeddable":true,"href":"https:\/\/landeselternverband.de\/index.php?rest_route=\/wp\/v2\/media\/115"}],"wp:attachment":[{"href":"https:\/\/landeselternverband.de\/index.php?rest_route=%2Fwp%2Fv2%2Fmedia&parent=91"}],"curies":[{"name":"wp","href":"https:\/\/api.w.org\/{rel}","templated":true}]}}